{"id":1212,"date":"2012-02-21T09:07:35","date_gmt":"2012-02-21T07:07:35","guid":{"rendered":"http:\/\/alanbaskanligi.bursa.bel.tr\/?page_id=1212"},"modified":"2012-08-22T08:40:07","modified_gmt":"2012-08-22T06:40:07","slug":"ivaz-pasa-camii","status":"publish","type":"page","link":"https:\/\/alanbaskanligi.bursa.bel.tr\/en\/ivaz-pasa-camii\/","title":{"rendered":"\u0130vaz Pa\u015fa Camii"},"content":{"rendered":"<p><strong>\u0130vaz Pa\u015fa Camii: <\/strong>Cumhuriyet Caddesi\u2019nden Ulu Cami\u2019ye \u00e7\u0131kan yol \u00fczerinde \u0130vaz Pa\u015fa \u00c7ar\u015f\u0131s\u0131\u2019n\u0131n bat\u0131s\u0131ndad\u0131r. Hac\u0131 \u0130vaz Pa\u015fa, Tavukpazar\u0131, \u0130madiye, Kazzazhane Camisi olarak da adland\u0131r\u0131l\u0131r. Ye\u015fil Cami ve Ye\u015fil T\u00fcrbe\u2019nin mimar\u0131 ve iyi bir asker olan Hac\u0131 \u0130vaz Pa\u015fa taraf\u0131ndan II. Murad d\u00f6neminde (salt. 1421-1451) yapt\u0131r\u0131lm\u0131\u015ft\u0131r. 1958\u2019deki \u00c7ar\u015f\u0131 yang\u0131n\u0131ndan sonra cami 1967-1968 y\u0131llar\u0131nda tamamen yenilenmi\u015f, ancak bu s\u00fcre\u00e7te \u00f6zg\u00fcnl\u00fc\u011f\u00fcn\u00fc kaybetmi\u015ftir. G\u00fcn\u00fcm\u00fczde kubbe ile \u00f6rt\u00fcl\u00fc yan yana iki kare mekan \u015feklindeki yap\u0131, bu haliyle Oru\u00e7 Bey ve Abdal camilerinin plan \u015femalar\u0131na benzer. 1990\u2019l\u0131 y\u0131llarda esasl\u0131 bir tamir g\u00f6rm\u00fc\u015f ve duvarlar\u0131 bir s\u0131ra kesme ta\u015f ve tu\u011fla olarak \u00f6r\u00fclm\u00fc\u015ft\u00fcr. Minaresinin kaidesi ta\u015f, g\u00f6vdesi ise tu\u011flad\u0131r. Kaynaklarda basit yap\u0131l\u0131, \u00fczeri ah\u015fap ve kiremit \u00f6rt\u00fcl\u00fc olarak s\u00f6z\u00fc edilen yap\u0131 15. y\u00fczy\u0131lda mescit olarak in\u015fa edilmi\u015f, 1642 y\u0131l\u0131nda da Seyit Mehmed Efendi\u2019nin vakfetti\u011fi bir minberle camiye d\u00f6n\u00fc\u015ft\u00fcr\u00fclm\u00fc\u015ft\u00fcr.<\/p>\n<p>Baykal, <em>Bursa ve An\u0131tlar\u0131<\/em>, 106; <em>Bursa Ansiklopedisi<\/em>, Cilt 2, 810-811; Kaplano\u011flu, <em>Bursa An\u0131tlar Ansiklopedisi<\/em>, 74<\/p>\n\n\t\t<style type=\"text\/css\">\n\t\t\t#gallery-1 {\n\t\t\t\tmargin: auto;\n\t\t\t}\n\t\t\t#gallery-1 .gallery-item {\n\t\t\t\tfloat: left;\n\t\t\t\tmargin-top: 10px;\n\t\t\t\ttext-align: center;\n\t\t\t\twidth: 33%;\n\t\t\t}\n\t\t\t#gallery-1 img {\n\t\t\t\tborder: 2px solid #cfcfcf;\n\t\t\t}\n\t\t\t#gallery-1 .gallery-caption {\n\t\t\t\tmargin-left: 0;\n\t\t\t}\n\t\t\t\/* see gallery_shortcode() in wp-includes\/media.php *\/\n\t\t<\/style>\n\t\t<div id='gallery-1' class='gallery galleryid-1212 gallery-columns-3 gallery-size-thumbnail'><dl class='gallery-item'>\n\t\t\t<dt class='gallery-icon portrait'>\n\t\t\t\t<a href=\"https:\/\/alanbaskanligi.bursa.bel.tr\/en\/wp-content\/uploads\/2012\/02\/IMG_5694-Large.jpg\" title=\"IMG_5694 (Large)\" data-description=\"\"><img loading=\"lazy\" decoding=\"async\" width=\"150\" height=\"150\" src=\"https:\/\/alanbaskanligi.bursa.bel.tr\/en\/wp-content\/uploads\/2012\/02\/IMG_5694-Large-150x150.jpg\" class=\"attachment-thumbnail size-thumbnail\" alt=\"\"><\/a>\n\t\t\t<\/dt><\/dl><dl class='gallery-item'>\n\t\t\t<dt class='gallery-icon portrait'>\n\t\t\t\t<a href=\"https:\/\/alanbaskanligi.bursa.bel.tr\/en\/wp-content\/uploads\/2012\/02\/DSC_0274-Large.jpg\" title=\"DSC_0274 (Large)\" data-description=\"\"><img loading=\"lazy\" decoding=\"async\" width=\"150\" height=\"150\" src=\"https:\/\/alanbaskanligi.bursa.bel.tr\/en\/wp-content\/uploads\/2012\/02\/DSC_0274-Large-150x150.jpg\" class=\"attachment-thumbnail size-thumbnail\" alt=\"\"><\/a>\n\t\t\t<\/dt><\/dl><dl class='gallery-item'>\n\t\t\t<dt class='gallery-icon portrait'>\n\t\t\t\t<a href=\"https:\/\/alanbaskanligi.bursa.bel.tr\/en\/wp-content\/uploads\/2012\/02\/DSC_0282-Large.jpg\" title=\"DSC_0282 (Large)\" data-description=\"\"><img loading=\"lazy\" decoding=\"async\" width=\"150\" height=\"150\" src=\"https:\/\/alanbaskanligi.bursa.bel.tr\/en\/wp-content\/uploads\/2012\/02\/DSC_0282-Large-150x150.jpg\" class=\"attachment-thumbnail size-thumbnail\" alt=\"\"><\/a>\n\t\t\t<\/dt><\/dl><br style=\"clear: both\" \/>\n\t\t<\/div>\n\n","protected":false},"excerpt":{"rendered":"<p>\u0130vaz Pa\u015fa Camii: Cumhuriyet Caddesi\u2019nden Ulu Cami\u2019ye \u00e7\u0131kan yol \u00fczerinde \u0130vaz Pa\u015fa \u00c7ar\u015f\u0131s\u0131\u2019n\u0131n bat\u0131s\u0131ndad\u0131r. Hac\u0131 \u0130vaz Pa\u015fa, Tavukpazar\u0131, \u0130madiye, Kazzazhane Camisi olarak da adland\u0131r\u0131l\u0131r. Ye\u015fil Cami ve Ye\u015fil T\u00fcrbe\u2019nin mimar\u0131 ve iyi bir asker olan Hac\u0131 \u0130vaz Pa\u015fa taraf\u0131ndan II. [&hellip;]<\/p>\n","protected":false},"author":6,"featured_media":2615,"parent":0,"menu_order":2,"comment_status":"closed","ping_status":"open","template":"","meta":{"footnotes":""},"class_list":["post-1212","page","type-page","status-publish","has-post-thumbnail","hentry","gallery-content-unit"],"_links":{"self":[{"href":"https:\/\/alanbaskanligi.bursa.bel.tr\/en\/wp-json\/wp\/v2\/pages\/1212","targetHints":{"allow":["GET"]}}],"collection":[{"href":"https:\/\/alanbaskanligi.bursa.bel.tr\/en\/wp-json\/wp\/v2\/pages"}],"about":[{"href":"https:\/\/alanbaskanligi.bursa.bel.tr\/en\/wp-json\/wp\/v2\/types\/page"}],"author":[{"embeddable":true,"href":"https:\/\/alanbaskanligi.bursa.bel.tr\/en\/wp-json\/wp\/v2\/users\/6"}],"replies":[{"embeddable":true,"href":"https:\/\/alanbaskanligi.bursa.bel.tr\/en\/wp-json\/wp\/v2\/comments?post=1212"}],"version-history":[{"count":0,"href":"https:\/\/alanbaskanligi.bursa.bel.tr\/en\/wp-json\/wp\/v2\/pages\/1212\/revisions"}],"wp:featuredmedia":[{"embeddable":true,"href":"https:\/\/alanbaskanligi.bursa.bel.tr\/en\/wp-json\/wp\/v2\/media\/2615"}],"wp:attachment":[{"href":"https:\/\/alanbaskanligi.bursa.bel.tr\/en\/wp-json\/wp\/v2\/media?parent=1212"}],"curies":[{"name":"wp","href":"https:\/\/api.w.org\/{rel}","templated":true}]}}