{"id":1758,"date":"2012-03-07T11:37:36","date_gmt":"2012-03-07T09:37:36","guid":{"rendered":"http:\/\/alanbaskanligi.bursa.bel.tr\/?page_id=1758"},"modified":"2012-04-02T10:45:37","modified_gmt":"2012-04-02T08:45:37","slug":"irgandi-koprusu","status":"publish","type":"page","link":"https:\/\/alanbaskanligi.bursa.bel.tr\/en\/irgandi-koprusu\/","title":{"rendered":"IRGANDI K\u00d6PR\u00dcS\u00dc"},"content":{"rendered":"<p><strong>Irgand\u0131 K\u00f6pr\u00fcs\u00fc:<\/strong> Irgand\u0131 K\u00f6pr\u00fcs\u00fc, G\u00f6kdere \u00fczerinde 1442 y\u0131l\u0131nda in\u015fa edilmi\u015ftir. Osmanl\u0131lar\u0131n tek arasta k\u00f6pr\u00fcs\u00fc olarak bilinen bu ta\u015f k\u00f6pr\u00fcn\u00fcn, \u00fczerinde bulunan kar\u015f\u0131l\u0131kl\u0131 s\u0131ra d\u00fckkanlar ve ah\u0131r ile depo i\u015flevlerini bar\u0131nd\u0131ran i\u00e7 mekanlar\u0131 nedeniyle benzer k\u00f6pr\u00fc \u00f6rnekleri aras\u0131nda \u00f6zg\u00fcn bir konumu vard\u0131r. 15. y\u00fczy\u0131l\u0131n ortalar\u0131nda Bursa\u2019n\u0131n \u00f6nemli t\u00fcccarlar\u0131ndan biri olan Azerbaycan\u2019dan ald\u0131\u011f\u0131 ipe\u011fi \u0130talyan t\u00fcccarlara satarak \u00f6nemli bir birikim sa\u011flayan Irgand\u0131l\u0131 Ali o\u011flu t\u00fcccar Hoca Muslihiddin taraf\u0131ndan Abdullah o\u011flu Timurta\u015f\u2019a 1442 y\u0131l\u0131nda yapt\u0131r\u0131lan Irgand\u0131 K\u00f6pr\u00fcs\u00fc \u00fczerinde\u00a0 toplam otuziki adet d\u00fckkan bulunmaktad\u0131r. Bunlardan kuzeydo\u011fu ucundakilerden biri mescit olmak \u00fczere be\u015f adet d\u00fckkan m\u00fctevellilerine gelir getirmek amac\u0131yla ayr\u0131lm\u0131\u015ft\u0131r. Niteli\u011fi ve mimari yap\u0131s\u0131 ile d\u00fcnya \u00fczerinde yer alan arastal\u0131 k\u00f6pr\u00fclerden biri olan k\u00f6pr\u00fc, yak\u0131n zamanda ge\u00e7irdi\u011fi restorasyon \u00e7al\u0131\u015fmas\u0131 sonras\u0131nda yeni i\u015flevi ile bir ula\u015f\u0131m yap\u0131s\u0131 olmas\u0131 yan\u0131 s\u0131ra\u00a0 \u00fczerinde yer alan sanat at\u00f6lyeleri ile bir sanat k\u00f6pr\u00fcs\u00fc olma \u00f6zelli\u011fini de ta\u015f\u0131maktad\u0131r.<\/p>\n<p><em>N. Dosto\u011flu, Ge\u00e7mi\u015ften Gelece\u011fe Irgand\u0131<br \/>\nK\u00f6pr\u00fcs\u00fc,Bursa\u2019n\u0131n Tarihi Mahalleleri II., 194-195.<\/em><\/p>\n\n\t\t<style type=\"text\/css\">\n\t\t\t#gallery-1 {\n\t\t\t\tmargin: auto;\n\t\t\t}\n\t\t\t#gallery-1 .gallery-item {\n\t\t\t\tfloat: left;\n\t\t\t\tmargin-top: 10px;\n\t\t\t\ttext-align: center;\n\t\t\t\twidth: 33%;\n\t\t\t}\n\t\t\t#gallery-1 img {\n\t\t\t\tborder: 2px solid #cfcfcf;\n\t\t\t}\n\t\t\t#gallery-1 .gallery-caption {\n\t\t\t\tmargin-left: 0;\n\t\t\t}\n\t\t\t\/* see gallery_shortcode() in wp-includes\/media.php *\/\n\t\t<\/style>\n\t\t<div id='gallery-1' class='gallery galleryid-1758 gallery-columns-3 gallery-size-thumbnail'><dl class='gallery-item'>\n\t\t\t<dt class='gallery-icon portrait'>\n\t\t\t\t<a href=\"https:\/\/alanbaskanligi.bursa.bel.tr\/en\/wp-content\/uploads\/2012\/03\/IRGANDI-KOPRUSU-1-Large.jpg\" title=\"IRGANDI K\u00d6PR\u00dcS\u00dc\" data-description=\"\"><img loading=\"lazy\" decoding=\"async\" width=\"150\" height=\"150\" src=\"https:\/\/alanbaskanligi.bursa.bel.tr\/en\/wp-content\/uploads\/2012\/03\/IRGANDI-KOPRUSU-1-Large-150x150.jpg\" class=\"attachment-thumbnail size-thumbnail\" alt=\"\"><\/a>\n\t\t\t<\/dt><\/dl><dl class='gallery-item'>\n\t\t\t<dt class='gallery-icon landscape'>\n\t\t\t\t<a href=\"https:\/\/alanbaskanligi.bursa.bel.tr\/en\/wp-content\/uploads\/2012\/03\/IRGANDI-KOPRUSU-2-Large.jpg\" title=\"IRGANDI K\u00d6PR\u00dcS\u00dc\" data-description=\"\"><img loading=\"lazy\" decoding=\"async\" width=\"150\" height=\"150\" src=\"https:\/\/alanbaskanligi.bursa.bel.tr\/en\/wp-content\/uploads\/2012\/03\/IRGANDI-KOPRUSU-2-Large-150x150.jpg\" class=\"attachment-thumbnail size-thumbnail\" alt=\"\"><\/a>\n\t\t\t<\/dt><\/dl>\n\t\t\t<br style='clear: both' \/>\n\t\t<\/div>\n\n<p>&nbsp;<\/p>\n","protected":false},"excerpt":{"rendered":"<p>Irgand\u0131 K\u00f6pr\u00fcs\u00fc: Irgand\u0131 K\u00f6pr\u00fcs\u00fc, G\u00f6kdere \u00fczerinde 1442 y\u0131l\u0131nda in\u015fa edilmi\u015ftir. Osmanl\u0131lar\u0131n tek arasta k\u00f6pr\u00fcs\u00fc olarak bilinen bu ta\u015f k\u00f6pr\u00fcn\u00fcn, \u00fczerinde bulunan kar\u015f\u0131l\u0131kl\u0131 s\u0131ra d\u00fckkanlar ve ah\u0131r ile depo i\u015flevlerini bar\u0131nd\u0131ran i\u00e7 mekanlar\u0131 nedeniyle benzer k\u00f6pr\u00fc \u00f6rnekleri aras\u0131nda \u00f6zg\u00fcn bir konumu [&hellip;]<\/p>\n","protected":false},"author":6,"featured_media":2605,"parent":0,"menu_order":2,"comment_status":"closed","ping_status":"open","template":"","meta":{"footnotes":""},"class_list":["post-1758","page","type-page","status-publish","has-post-thumbnail","hentry","gallery-content-unit"],"_links":{"self":[{"href":"https:\/\/alanbaskanligi.bursa.bel.tr\/en\/wp-json\/wp\/v2\/pages\/1758","targetHints":{"allow":["GET"]}}],"collection":[{"href":"https:\/\/alanbaskanligi.bursa.bel.tr\/en\/wp-json\/wp\/v2\/pages"}],"about":[{"href":"https:\/\/alanbaskanligi.bursa.bel.tr\/en\/wp-json\/wp\/v2\/types\/page"}],"author":[{"embeddable":true,"href":"https:\/\/alanbaskanligi.bursa.bel.tr\/en\/wp-json\/wp\/v2\/users\/6"}],"replies":[{"embeddable":true,"href":"https:\/\/alanbaskanligi.bursa.bel.tr\/en\/wp-json\/wp\/v2\/comments?post=1758"}],"version-history":[{"count":0,"href":"https:\/\/alanbaskanligi.bursa.bel.tr\/en\/wp-json\/wp\/v2\/pages\/1758\/revisions"}],"wp:featuredmedia":[{"embeddable":true,"href":"https:\/\/alanbaskanligi.bursa.bel.tr\/en\/wp-json\/wp\/v2\/media\/2605"}],"wp:attachment":[{"href":"https:\/\/alanbaskanligi.bursa.bel.tr\/en\/wp-json\/wp\/v2\/media?parent=1758"}],"curies":[{"name":"wp","href":"https:\/\/api.w.org\/{rel}","templated":true}]}}