{"id":1775,"date":"2012-03-07T13:22:17","date_gmt":"2012-03-07T11:22:17","guid":{"rendered":"http:\/\/alanbaskanligi.bursa.bel.tr\/?page_id=1775"},"modified":"2012-03-07T13:22:50","modified_gmt":"2012-03-07T11:22:50","slug":"yildirim-camii","status":"publish","type":"page","link":"https:\/\/alanbaskanligi.bursa.bel.tr\/en\/yildirim-camii\/","title":{"rendered":"YILDIRIM CAM\u0130\u0130"},"content":{"rendered":"<p>Y\u0131ld\u0131r\u0131m Bayezid taraf\u0131ndan, Bursa\u2019n\u0131n do\u011fusunda ayn\u0131 ad\u0131 ta\u015f\u0131yan tepeye in\u015fa ettirilen K\u00fclliyenin ortas\u0131nda bulunmaktad\u0131r.Cami,\u00a0Bursa Ovas\u0131\u2019ndan bak\u0131ld\u0131\u011f\u0131nda g\u00f6rkemli g\u00f6r\u00fcnt\u00fcs\u00fcyle Bursa\u2019n\u0131n sil\u00fcetine \u00e7ok \u015fey katmaktad\u0131r. \u00a014. y\u00fczy\u0131l yap\u0131s\u0131 olan cami, kusursuz in\u015faat\u0131,<br \/>\ntemiz yap\u0131l\u0131\u015f\u0131, kesme ta\u015f cepheleri, son cemaat yeri ve en \u00f6nemlisi \u201cBursa Kemeri\u201d nin ilk olarak kullan\u0131lmas\u0131 ile dikkat \u00e7eker. Ayn\u0131 zamanda \u201cTers T\u201d planl\u0131 camilerin en \u00f6zg\u00fcn olan\u0131 olarak \u00a0kabul g\u00f6rmektedir. Cami i\u00e7inde, yer yer \u00e7ini i\u015flemeler ve zengin mukarnas s\u00fcslemeler bulunmaktad\u0131r.<\/p>\n<p><em>Kaz\u0131m Baykal, Bursa ve An\u0131tlar\u0131,155-156; Bursa K\u00fclt\u00fcr Varl\u0131klar\u0131 Envanteri:An\u0131tsal Eserler, Bursa B\u00fcy\u00fck\u015fehir Belediyesi\u00a0\u00a0\u00a0 Yay\u0131nlar\u0131,224.<\/em><\/p>\n","protected":false},"excerpt":{"rendered":"<p>Y\u0131ld\u0131r\u0131m Bayezid taraf\u0131ndan, Bursa\u2019n\u0131n do\u011fusunda ayn\u0131 ad\u0131 ta\u015f\u0131yan tepeye in\u015fa ettirilen K\u00fclliyenin ortas\u0131nda bulunmaktad\u0131r.Cami,\u00a0Bursa Ovas\u0131\u2019ndan bak\u0131ld\u0131\u011f\u0131nda g\u00f6rkemli g\u00f6r\u00fcnt\u00fcs\u00fcyle Bursa\u2019n\u0131n sil\u00fcetine \u00e7ok \u015fey katmaktad\u0131r. \u00a014. y\u00fczy\u0131l yap\u0131s\u0131 olan cami, kusursuz in\u015faat\u0131, temiz yap\u0131l\u0131\u015f\u0131, kesme ta\u015f cepheleri, son cemaat yeri ve en [&hellip;]<\/p>\n","protected":false},"author":6,"featured_media":0,"parent":0,"menu_order":2,"comment_status":"closed","ping_status":"open","template":"","meta":{"footnotes":""},"class_list":["post-1775","page","type-page","status-publish","hentry","gallery-content-unit"],"_links":{"self":[{"href":"https:\/\/alanbaskanligi.bursa.bel.tr\/en\/wp-json\/wp\/v2\/pages\/1775","targetHints":{"allow":["GET"]}}],"collection":[{"href":"https:\/\/alanbaskanligi.bursa.bel.tr\/en\/wp-json\/wp\/v2\/pages"}],"about":[{"href":"https:\/\/alanbaskanligi.bursa.bel.tr\/en\/wp-json\/wp\/v2\/types\/page"}],"author":[{"embeddable":true,"href":"https:\/\/alanbaskanligi.bursa.bel.tr\/en\/wp-json\/wp\/v2\/users\/6"}],"replies":[{"embeddable":true,"href":"https:\/\/alanbaskanligi.bursa.bel.tr\/en\/wp-json\/wp\/v2\/comments?post=1775"}],"version-history":[{"count":0,"href":"https:\/\/alanbaskanligi.bursa.bel.tr\/en\/wp-json\/wp\/v2\/pages\/1775\/revisions"}],"wp:attachment":[{"href":"https:\/\/alanbaskanligi.bursa.bel.tr\/en\/wp-json\/wp\/v2\/media?parent=1775"}],"curies":[{"name":"wp","href":"https:\/\/api.w.org\/{rel}","templated":true}]}}